{"id":9128,"date":"2020-07-15T23:12:15","date_gmt":"2020-07-15T23:12:15","guid":{"rendered":"https:\/\/basakcilastik.com.tr\/?post_type=product&#038;p=9128"},"modified":"2020-07-15T23:12:15","modified_gmt":"2020-07-15T23:12:15","slug":"einhell-bt-pl-900-planya","status":"publish","type":"product","link":"http:\/\/basakcilastik.com.tr\/?product=einhell-bt-pl-900-planya","title":{"rendered":"Einhell BT-PL 900 Planya"},"content":{"rendered":"<p><strong>\u00dcr\u00fcn a\u00e7\u0131klamas\u0131<\/strong><\/p>\n<p>Einhell BT-PL 900 Planya ev, bah\u00e7e ve at\u00f6lyelerde say\u0131s\u0131z planyalama i\u015flerinde de\u011ferini kan\u0131tlam\u0131\u015f kullan\u0131\u015fl\u0131 bir cihazd\u0131r. Karb\u00fcr b\u0131\u00e7a\u011f\u0131 uzun \u00f6m\u00fcrl\u00fcd\u00fcr. 3 mm&#8217;ye kadar ayarlanabilir tala\u015f derinli\u011fi ile h\u0131zl\u0131 planyalama i\u015fleri ger\u00e7ekle\u015ftirilebilir. Tala\u015f \u00e7\u0131k\u0131\u015f y\u00f6n\u00fc ayarlanabilir. Geni\u015f b\u0131\u00e7ak mili ile y\u00fcksek kaliteli planyalama sonu\u00e7lar\u0131 elde edilir. Al\u00fcminyumdan \u00fcretilen sa\u011flam, b\u00fck\u00fclmeye dayan\u0131kl\u0131 konumland\u0131rma plakas\u0131 y\u00fcksek kaliteli olup \u00fcr\u00fcn\u00fcn uzun \u00f6m\u00fcrl\u00fc olmas\u0131n\u0131 sa\u011flar. Derinlik ve paralellik mesnedi kolay ve istenilen \u015fekilde \u00e7al\u0131\u015fmay\u0131 sa\u011flar ve zorlu i\u015flerin \u00fcst\u00fcnden gelmenize yard\u0131mc\u0131 olur. Toz torbas\u0131 ile birlikte gelir<\/p>\n<p><strong>\u00d6zellikler<\/strong><\/p>\n<p>Planya BT-PL 900 i\u00e7in detaylar, \u015fekiller ve bilgiler: burada ayr\u0131nt\u0131l\u0131 teknik veriler ve bu Einhell \u00fcr\u00fcn\u00fcn\u00fcn boyutlar\u0131, a\u011f\u0131rl\u0131\u011f\u0131 ve ambalaj\u0131 hakk\u0131nda \u00f6zel bilgiler bulacaks\u0131n\u0131z.<\/p>\n<table>\n<tbody>\n<tr>\n<td colspan=\"2\"><strong>Teknik \u00d6zellikler<\/strong><\/td>\n<\/tr>\n<tr>\n<td><strong>Giri\u015f voltaj\u0131<\/strong><\/td>\n<td><\/td>\n<\/tr>\n<tr>\n<td><strong>G\u00fc\u00e7<\/strong><\/td>\n<td>900 W<\/td>\n<\/tr>\n<tr>\n<td><strong>Bo\u015fta \u00e7al\u0131\u015fma h\u0131z\u0131<\/strong><\/td>\n<td>16500 min^-1<\/td>\n<\/tr>\n<tr>\n<td><strong>Planya geni\u015fli\u011fi<\/strong><\/td>\n<td>82 mm<\/td>\n<\/tr>\n<tr>\n<td><strong>Tala\u015f kald\u0131rma derinli\u011fi<\/strong><\/td>\n<td>3 mm<\/td>\n<\/tr>\n<tr>\n<td><strong>Dald\u0131rma derinli\u011fi<\/strong><\/td>\n<td>15 mm<\/td>\n<\/tr>\n<\/tbody>\n<\/table>\n","protected":false},"excerpt":{"rendered":"<p>\u00dcr\u00fcn a\u00e7\u0131klamas\u0131 Einhell BT-PL 900 Planya ev, bah\u00e7e ve at\u00f6lyelerde say\u0131s\u0131z planyalama i\u015flerinde de\u011ferini kan\u0131tlam\u0131\u015f kullan\u0131\u015fl\u0131 bir cihazd\u0131r. Karb\u00fcr b\u0131\u00e7a\u011f\u0131 uzun \u00f6m\u00fcrl\u00fcd\u00fcr. 3 mm&#8217;ye kadar ayarlanabilir tala\u015f derinli\u011fi ile h\u0131zl\u0131 planyalama i\u015fleri ger\u00e7ekle\u015ftirilebilir. Tala\u015f \u00e7\u0131k\u0131\u015f y\u00f6n\u00fc ayarlanabilir. Geni\u015f b\u0131\u00e7ak mili ile y\u00fcksek kaliteli planyalama sonu\u00e7lar\u0131 elde edilir. Al\u00fcminyumdan \u00fcretilen sa\u011flam, b\u00fck\u00fclmeye dayan\u0131kl\u0131 konumland\u0131rma plakas\u0131 y\u00fcksek kaliteli olup \u00fcr\u00fcn\u00fcn uzun \u00f6m\u00fcrl\u00fc [&hellip;]<\/p>\n","protected":false},"featured_media":9129,"comment_status":"open","ping_status":"closed","template":"","meta":[],"product_brand":[],"product_cat":[15,52,63],"product_tag":[],"class_list":{"0":"post-9128","1":"product","2":"type-product","3":"status-publish","4":"has-post-thumbnail","6":"product_cat-genel","7":"product_cat-akulu-aletler","8":"product_cat-planyalar","10":"first","11":"instock","12":"shipping-taxable","13":"product-type-simple"},"_links":{"self":[{"href":"http:\/\/basakcilastik.com.tr\/index.php?rest_route=\/wp\/v2\/product\/9128","targetHints":{"allow":["GET"]}}],"collection":[{"href":"http:\/\/basakcilastik.com.tr\/index.php?rest_route=\/wp\/v2\/product"}],"about":[{"href":"http:\/\/basakcilastik.com.tr\/index.php?rest_route=\/wp\/v2\/types\/product"}],"replies":[{"embeddable":true,"href":"http:\/\/basakcilastik.com.tr\/index.php?rest_route=%2Fwp%2Fv2%2Fcomments&post=9128"}],"wp:featuredmedia":[{"embeddable":true,"href":"http:\/\/basakcilastik.com.tr\/index.php?rest_route=\/wp\/v2\/media\/9129"}],"wp:attachment":[{"href":"http:\/\/basakcilastik.com.tr\/index.php?rest_route=%2Fwp%2Fv2%2Fmedia&parent=9128"}],"wp:term":[{"taxonomy":"product_brand","embeddable":true,"href":"http:\/\/basakcilastik.com.tr\/index.php?rest_route=%2Fwp%2Fv2%2Fproduct_brand&post=9128"},{"taxonomy":"product_cat","embeddable":true,"href":"http:\/\/basakcilastik.com.tr\/index.php?rest_route=%2Fwp%2Fv2%2Fproduct_cat&post=9128"},{"taxonomy":"product_tag","embeddable":true,"href":"http:\/\/basakcilastik.com.tr\/index.php?rest_route=%2Fwp%2Fv2%2Fproduct_tag&post=9128"}],"curies":[{"name":"wp","href":"https:\/\/api.w.org\/{rel}","templated":true}]}}