{"id":8907,"date":"2020-07-14T15:50:39","date_gmt":"2020-07-14T15:50:39","guid":{"rendered":"https:\/\/basakcilastik.com.tr\/?post_type=product&#038;p=8907"},"modified":"2020-07-14T15:50:39","modified_gmt":"2020-07-14T15:50:39","slug":"dewalt-dwd014s-qs-550w-matkap","status":"publish","type":"product","link":"http:\/\/basakcilastik.com.tr\/?product=dewalt-dwd014s-qs-550w-matkap","title":{"rendered":"Dewalt DWD014S-QS 550W Matkap"},"content":{"rendered":"<p><strong>\u00d6zellikleri<\/strong><\/p>\n<ul>\n<li>H\u0131zl\u0131 ve kolay u\u00e7 de\u011fi\u015ftirmek i\u00e7in anahtars\u0131z, kilitli mandren<\/li>\n<li>Kompakt tasar\u0131m tek elle rahat kullan\u0131m ve dar alanlara eri\u015fim sa\u011flar<\/li>\n<li>Hafif oldu\u011fu i\u00e7in rahat ve yorulmadan kullan\u0131l\u0131r<\/li>\n<li>Farkl\u0131 malzemede de\u011fi\u015fik \u00e7apta delik delmede yard\u0131mc\u0131 olan tetik \u00fczerinden h\u0131z kontrol\u00fc<\/li>\n<li>Delik delmeye ba\u015flarken hassasl\u0131k i\u00e7in yava\u015f d\u00f6nmeyi sa\u011flayan elektronik h\u0131z kontrol\u00fc<\/li>\n<li>M\u00fckemmel g\u00fc\u00e7\/boyut oran\u0131 sonucunda kompakt yap\u0131l\u0131 g\u00fc\u00e7l\u00fc ve dayan\u0131kl\u0131 matkap<\/li>\n<li>Tekrarl\u0131 i\u015flerde s\u00fcrekli \u00e7al\u0131\u015ft\u0131rma i\u00e7in tetik kilitleme d\u00fc\u011fmesi<\/li>\n<\/ul>\n<p>&nbsp;<\/p>\n<p><strong>\u00a0<\/strong><\/p>\n<p><strong>\u00a0<\/strong><\/p>\n<p><strong>\u00a0<\/strong><\/p>\n<p><strong>\u00a0<\/strong><\/p>\n<p>&nbsp;<\/p>\n<p>&nbsp;<\/p>\n<p>&nbsp;<\/p>\n<p>&nbsp;<\/p>\n<p>&nbsp;<\/p>\n<p>&nbsp;<\/p>\n<table width=\"856\">\n<tbody>\n<tr>\n<td colspan=\"2\"><strong>Teknik \u00d6zellikleri<\/strong><\/td>\n<td><\/td>\n<\/tr>\n<tr>\n<td>\n<table width=\"731\">\n<tbody>\n<tr>\n<td>\n<table width=\"721\">\n<tbody>\n<tr>\n<td width=\"289\">Mandren Kapasitesi<\/td>\n<td width=\"91\">1.0-10 mm<\/td>\n<\/tr>\n<tr>\n<td width=\"289\">Giri\u015f G\u00fcc\u00fc<\/td>\n<td width=\"91\">550 Watt<\/td>\n<\/tr>\n<tr>\n<td width=\"289\">\u00c7\u0131k\u0131\u015f G\u00fcc\u00fc<\/td>\n<td width=\"91\">269 Watt<\/td>\n<\/tr>\n<tr>\n<td width=\"289\">Maksimum Tork<\/td>\n<td width=\"91\">7.9 Nm<\/td>\n<\/tr>\n<tr>\n<td width=\"289\">Y\u00fcks\u00fcz H\u0131z\u0131<\/td>\n<td width=\"91\">2800dev\/dak<\/td>\n<\/tr>\n<tr>\n<td width=\"289\">Maksimum Delme Kapasitesi (Ah\u015fap)<\/td>\n<td width=\"91\">25 mm<\/td>\n<\/tr>\n<tr>\n<td width=\"289\">Maksimum Delme Kapasitesi (\u00c7elik)<\/td>\n<td width=\"91\">10 mm<\/td>\n<\/tr>\n<tr>\n<td width=\"289\">Mil Ba\u011flant\u0131 Di\u015fi<\/td>\n<td width=\"91\">1\/2&#8243;X20U.N.F<\/td>\n<\/tr>\n<tr>\n<td width=\"289\">A\u011f\u0131rl\u0131\u011f\u0131<\/td>\n<td width=\"91\">1.34 kg<\/td>\n<\/tr>\n<tr>\n<td width=\"289\">Uzunluk<\/td>\n<td width=\"91\">225 mm<\/td>\n<\/tr>\n<tr>\n<td width=\"289\">Y\u00fckseklik<\/td>\n<td width=\"91\">170 mm<\/td>\n<\/tr>\n<tr>\n<td width=\"289\">El\/Kol Titre\u015fim- Metal<\/td>\n<td width=\"91\">8.5 m\/s\u00b2<\/td>\n<\/tr>\n<tr>\n<td width=\"289\">Belirsizlik K (Titre\u015fim)<\/td>\n<td width=\"91\">1.5 m\/s\u00b2<\/td>\n<\/tr>\n<tr>\n<td width=\"289\">Ses bas\u0131nc\u0131<\/td>\n<td width=\"91\">82 dB(A)<\/td>\n<\/tr>\n<tr>\n<td width=\"289\">Belirsizlik K 1 (Ses)<\/td>\n<td width=\"91\">3 dB(A)<\/td>\n<\/tr>\n<tr>\n<td width=\"289\">Akustik g\u00fc\u00e7<\/td>\n<td width=\"91\">92 dB(A)<\/td>\n<\/tr>\n<tr>\n<td width=\"289\">Belirsizlik K 2 (Ses)<\/td>\n<td width=\"91\">2.9 dB(A)<\/td>\n<\/tr>\n<\/tbody>\n<\/table>\n<\/td>\n<td>&nbsp;<\/td>\n<\/tr>\n<tr>\n<td>&nbsp;<\/td>\n<td><\/td>\n<\/tr>\n<\/tbody>\n<\/table>\n<\/td>\n<td><\/td>\n<td><\/td>\n<\/tr>\n<tr>\n<td width=\"853\"><\/td>\n<td width=\"0\"><\/td>\n<td width=\"3\"><\/td>\n<\/tr>\n<\/tbody>\n<\/table>\n<p>&nbsp;<\/p>\n","protected":false},"excerpt":{"rendered":"<p>\u00d6zellikleri H\u0131zl\u0131 ve kolay u\u00e7 de\u011fi\u015ftirmek i\u00e7in anahtars\u0131z, kilitli mandren Kompakt tasar\u0131m tek elle rahat kullan\u0131m ve dar alanlara eri\u015fim sa\u011flar Hafif oldu\u011fu i\u00e7in rahat ve yorulmadan kullan\u0131l\u0131r Farkl\u0131 malzemede de\u011fi\u015fik \u00e7apta delik delmede yard\u0131mc\u0131 olan tetik \u00fczerinden h\u0131z kontrol\u00fc Delik delmeye ba\u015flarken hassasl\u0131k i\u00e7in yava\u015f d\u00f6nmeyi sa\u011flayan elektronik h\u0131z kontrol\u00fc M\u00fckemmel g\u00fc\u00e7\/boyut oran\u0131 sonucunda kompakt yap\u0131l\u0131 g\u00fc\u00e7l\u00fc ve dayan\u0131kl\u0131 [&hellip;]<\/p>\n","protected":false},"featured_media":8908,"comment_status":"open","ping_status":"closed","template":"","meta":[],"product_brand":[],"product_cat":[15,52,61],"product_tag":[],"class_list":{"0":"post-8907","1":"product","2":"type-product","3":"status-publish","4":"has-post-thumbnail","6":"product_cat-genel","7":"product_cat-akulu-aletler","8":"product_cat-matkaplar","10":"first","11":"instock","12":"shipping-taxable","13":"product-type-simple"},"_links":{"self":[{"href":"http:\/\/basakcilastik.com.tr\/index.php?rest_route=\/wp\/v2\/product\/8907","targetHints":{"allow":["GET"]}}],"collection":[{"href":"http:\/\/basakcilastik.com.tr\/index.php?rest_route=\/wp\/v2\/product"}],"about":[{"href":"http:\/\/basakcilastik.com.tr\/index.php?rest_route=\/wp\/v2\/types\/product"}],"replies":[{"embeddable":true,"href":"http:\/\/basakcilastik.com.tr\/index.php?rest_route=%2Fwp%2Fv2%2Fcomments&post=8907"}],"wp:featuredmedia":[{"embeddable":true,"href":"http:\/\/basakcilastik.com.tr\/index.php?rest_route=\/wp\/v2\/media\/8908"}],"wp:attachment":[{"href":"http:\/\/basakcilastik.com.tr\/index.php?rest_route=%2Fwp%2Fv2%2Fmedia&parent=8907"}],"wp:term":[{"taxonomy":"product_brand","embeddable":true,"href":"http:\/\/basakcilastik.com.tr\/index.php?rest_route=%2Fwp%2Fv2%2Fproduct_brand&post=8907"},{"taxonomy":"product_cat","embeddable":true,"href":"http:\/\/basakcilastik.com.tr\/index.php?rest_route=%2Fwp%2Fv2%2Fproduct_cat&post=8907"},{"taxonomy":"product_tag","embeddable":true,"href":"http:\/\/basakcilastik.com.tr\/index.php?rest_route=%2Fwp%2Fv2%2Fproduct_tag&post=8907"}],"curies":[{"name":"wp","href":"https:\/\/api.w.org\/{rel}","templated":true}]}}