{"id":26362,"date":"2020-09-04T22:16:44","date_gmt":"2020-09-04T22:16:44","guid":{"rendered":"https:\/\/basakcilastik.com.tr\/?post_type=product&#038;p=26362"},"modified":"2020-09-04T22:16:45","modified_gmt":"2020-09-04T22:16:45","slug":"ipli-kulak-tikaci-feb03","status":"publish","type":"product","link":"http:\/\/basakcilastik.com.tr\/?product=ipli-kulak-tikaci-feb03","title":{"rendered":"\u0130pli Kulak T\u0131kac\u0131 FEB03"},"content":{"rendered":"<p><strong>\u00dcr\u00fcn A\u00e7\u0131klamas\u0131<\/strong><\/p>\n<p>Sert ve y\u00fcksek sesli bir ortamda \u00e7al\u0131\u015f\u0131yorsan\u0131z ve kulaklar\u0131n\u0131z\u0131n zarar g\u00f6rme ihtimali \u00e7ok y\u00fcksek ise \u0130pli Kulak T\u0131kac\u0131 FEB03 kullanman\u0131z size art\u0131 bir avantaj sa\u011flayarak sa\u011fl\u0131\u011f\u0131n\u0131z\u0131 korumaktad\u0131r. \u015eantiyede yada ses d\u00fczeyi y\u00fcksek alanlarda \u00e7al\u0131\u015fmak durumda ve bu i\u015f standartlar\u0131nda desibel kapasitesi insan kulaklar\u0131n\u0131n kald\u0131raca\u011f\u0131n\u0131n \u00fcst\u00fcnde bir vaziyette ise \u0130pli Kulak T\u0131kac\u0131 FEB03 \u00f6nerilen en \u00f6nemli i\u015f g\u00fcvenlik malzemelerinden birisidir. Kalite a\u00e7\u0131s\u0131ndan en iyi \u015fekilde haz\u0131rlanm\u0131\u015f bu \u00fcr\u00fcn CE belgesi alarak kalite standartlar\u0131na uygun oldu\u011funu g\u00f6stermektedir. En \u00f6nemli husus dayan\u0131kl\u0131l\u0131k a\u00e7\u0131s\u0131ndan EN 352-1 Normlar\u0131na Uygun \u015fekilde \u00fcretime sunulmu\u015f ve sa\u011fl\u0131n\u0131z\u0131 tamamen g\u00fcven alt\u0131na alm\u0131\u015ft\u0131r. Bu \u00fcr\u00fcn sadece Turuncu Renk &#8220;Pu&#8221; K\u00f6p\u00fckl\u00fc olarak \u00fcretilmi\u015f ve kula\u011f\u0131n\u0131za sert bir \u015fekilde oturup tamamen duyarl\u0131l\u0131\u011f\u0131n\u0131 azaltarak kulak zar\u0131n\u0131za gelecek seslere kar\u015f\u0131 \u00f6nlem olu\u015fturmaktad\u0131r. \u00c7al\u0131\u015fma ortam\u0131n\u0131z\u0131n ses d\u00fczeyi 37 Desibel s\u0131n\u0131r\u0131na kadar ise bu \u0130pli Kulak T\u0131kac\u0131 FEB03 sizin kullan\u0131m\u0131z i\u00e7in uygundur.<br \/>\nCE Belgeli<br \/>\nEN 352-1 Normlar\u0131na Uygun<br \/>\nTuruncu Renk Pu K\u00f6p\u00fckl\u00fc<br \/>\n37 Desibel\u2019e Kadar Ses Kesebilme<\/p>\n<p>&nbsp;<\/p>\n","protected":false},"excerpt":{"rendered":"<p>\u00dcr\u00fcn A\u00e7\u0131klamas\u0131 Sert ve y\u00fcksek sesli bir ortamda \u00e7al\u0131\u015f\u0131yorsan\u0131z ve kulaklar\u0131n\u0131z\u0131n zarar g\u00f6rme ihtimali \u00e7ok y\u00fcksek ise \u0130pli Kulak T\u0131kac\u0131 FEB03 kullanman\u0131z size art\u0131 bir avantaj sa\u011flayarak sa\u011fl\u0131\u011f\u0131n\u0131z\u0131 korumaktad\u0131r. \u015eantiyede yada ses d\u00fczeyi y\u00fcksek alanlarda \u00e7al\u0131\u015fmak durumda ve bu i\u015f standartlar\u0131nda desibel kapasitesi insan kulaklar\u0131n\u0131n kald\u0131raca\u011f\u0131n\u0131n \u00fcst\u00fcnde bir vaziyette ise \u0130pli Kulak T\u0131kac\u0131 FEB03 \u00f6nerilen en \u00f6nemli i\u015f g\u00fcvenlik malzemelerinden [&hellip;]<\/p>\n","protected":false},"featured_media":26365,"comment_status":"open","ping_status":"closed","template":"","meta":[],"product_brand":[],"product_cat":[15,155,161],"product_tag":[],"class_list":{"0":"post-26362","1":"product","2":"type-product","3":"status-publish","4":"has-post-thumbnail","6":"product_cat-genel","7":"product_cat-is-guvenligi","8":"product_cat-kulakliklar","10":"first","11":"instock","12":"shipping-taxable","13":"product-type-simple"},"_links":{"self":[{"href":"http:\/\/basakcilastik.com.tr\/index.php?rest_route=\/wp\/v2\/product\/26362","targetHints":{"allow":["GET"]}}],"collection":[{"href":"http:\/\/basakcilastik.com.tr\/index.php?rest_route=\/wp\/v2\/product"}],"about":[{"href":"http:\/\/basakcilastik.com.tr\/index.php?rest_route=\/wp\/v2\/types\/product"}],"replies":[{"embeddable":true,"href":"http:\/\/basakcilastik.com.tr\/index.php?rest_route=%2Fwp%2Fv2%2Fcomments&post=26362"}],"wp:featuredmedia":[{"embeddable":true,"href":"http:\/\/basakcilastik.com.tr\/index.php?rest_route=\/wp\/v2\/media\/26365"}],"wp:attachment":[{"href":"http:\/\/basakcilastik.com.tr\/index.php?rest_route=%2Fwp%2Fv2%2Fmedia&parent=26362"}],"wp:term":[{"taxonomy":"product_brand","embeddable":true,"href":"http:\/\/basakcilastik.com.tr\/index.php?rest_route=%2Fwp%2Fv2%2Fproduct_brand&post=26362"},{"taxonomy":"product_cat","embeddable":true,"href":"http:\/\/basakcilastik.com.tr\/index.php?rest_route=%2Fwp%2Fv2%2Fproduct_cat&post=26362"},{"taxonomy":"product_tag","embeddable":true,"href":"http:\/\/basakcilastik.com.tr\/index.php?rest_route=%2Fwp%2Fv2%2Fproduct_tag&post=26362"}],"curies":[{"name":"wp","href":"https:\/\/api.w.org\/{rel}","templated":true}]}}